{"id":1228,"date":"2018-01-18T14:08:27","date_gmt":"2018-01-18T19:08:27","guid":{"rendered":"http:\/\/lesfusiliersmont-royal.com\/musique\/?post_type=tribe_events&#038;p=1228"},"modified":"2018-01-18T14:08:27","modified_gmt":"2018-01-18T19:08:27","slug":"jour-du-souvenir-2","status":"publish","type":"tribe_events","link":"https:\/\/lesfusiliersmont-royal.com\/musique\/calendrier\/jour-du-souvenir-2\/","title":{"rendered":"Jour du souvenir"},"content":{"rendered":"<h5>Dans les champs des Flandres\/In Flanders Fields<br \/>\nLieutenant Colonel John McCrae<\/h5>\n<p>Au champ d&rsquo;honneur, les coquelicots<br \/>\nSont parsem\u00e9s de lot en lot<br \/>\nAupr\u00e8s des croix; et dans l&rsquo;espace<br \/>\nLes alouettes devenues lasses<br \/>\nM\u00ealent leurs chants au sifflement<br \/>\nDes obusiers.<br \/>\nNous sommes morts,<br \/>\nNous qui songions la veille encor&rsquo;<br \/>\n\u00c0 nos parents, \u00e0 nos amis,<br \/>\nC&rsquo;est nous qui reposons ici,<br \/>\nAu champ d&rsquo;honneur.<br \/>\n\u00c0 vous jeunes d\u00e9sabus\u00e9s,<br \/>\n\u00c0 vous de porter l&rsquo;oriflamme<br \/>\nEt de garder au fond de l&rsquo;\u00e2me<br \/>\nLe go\u00fbt de vivre en libert\u00e9.<br \/>\nAcceptez le d\u00e9fi, sinon<br \/>\nLes coquelicots se faneront<br \/>\nAu champ d&rsquo;honneur.<\/p>\n<p>(Adaptation sign\u00e9e Jean Pariseau, CM, CD, D. \u00e8s L. (histoire).<\/p>\n<p>&#8212;&#8212;&#8212;&#8212;&#8212;&#8212;&#8212;&#8212;&#8212;&#8212;&#8212;&#8212;&#8212;&#8212;&#8212;&#8212;&#8212;&#8212;&#8212;&#8212;&#8212;&#8212;&#8212;&#8212;&#8212;&#8212;&#8212;&#8212;&#8212;&#8212;&#8211;<br \/>\nIn Flanders fields the poppies blow<br \/>\nBetween the crosses, row on row,<br \/>\nThat mark our place: and in the sky<br \/>\nThe larks still bravely singing fly<br \/>\nScarce heard amid the guns below.<\/p>\n<p>We are the dead: Short days ago,<br \/>\nWe lived, felt dawn, saw sunset glow,<br \/>\nLoved and were loved: and now we lie<br \/>\nIn Flanders fields!<\/p>\n<p>Take up our quarrel with the foe<br \/>\nTo you, from failing hands, we throw<br \/>\nThe torch: be yours to hold it high<br \/>\nIf ye break faith with us who die,<br \/>\nWe shall not sleep, though poppies grow<br \/>\nIn Flanders fields<\/p>\n","protected":false},"excerpt":{"rendered":"<p>  [&#8230;]<\/p>\n","protected":false},"author":1,"featured_media":1227,"template":"","meta":{"_tribe_events_status":"","_tribe_events_status_reason":"","footnotes":""},"tags":[],"tribe_events_cat":[81,69],"class_list":["post-1228","tribe_events","type-tribe_events","status-publish","has-post-thumbnail","hentry","tribe_events_cat-fmr","tribe_events_cat-musique","cat_fmr","cat_musique"],"yoast_head":"<!-- This site is optimized with the Yoast SEO plugin v28.3 - https:\/\/yoast.com\/product\/yoast-seo-wordpress\/ -->\n<title>Jour du souvenir - La Musique<\/title>\n<meta name=\"robots\" content=\"index, follow, max-snippet:-1, max-image-preview:large, max-video-preview:-1\" \/>\n<link rel=\"canonical\" href=\"https:\/\/lesfusiliersmont-royal.com\/musique\/calendrier\/jour-du-souvenir-2\/\" \/>\n<meta property=\"og:locale\" content=\"fr_CA\" \/>\n<meta property=\"og:type\" content=\"article\" \/>\n<meta property=\"og:title\" content=\"Jour du souvenir - La Musique\" \/>\n<meta property=\"og:description\" content=\"[...]\" \/>\n<meta property=\"og:url\" content=\"https:\/\/lesfusiliersmont-royal.com\/musique\/calendrier\/jour-du-souvenir-2\/\" \/>\n<meta property=\"og:site_name\" content=\"La Musique\" \/>\n<meta property=\"og:image\" content=\"https:\/\/lesfusiliersmont-royal.com\/musique\/wp-content\/uploads\/sites\/11\/2018\/01\/inmemoriam.jpg\" \/>\n\t<meta property=\"og:image:width\" content=\"1920\" \/>\n\t<meta property=\"og:image:height\" content=\"2010\" \/>\n\t<meta property=\"og:image:type\" content=\"image\/jpeg\" \/>\n<meta name=\"twitter:card\" content=\"summary_large_image\" \/>\n<meta name=\"twitter:label1\" content=\"Estimation du temps de lecture\" \/>\n\t<meta name=\"twitter:data1\" content=\"1 minute\" \/>\n<script type=\"application\/ld+json\" class=\"yoast-schema-graph\">{\"@context\":\"https:\\\/\\\/schema.org\",\"@graph\":[{\"@type\":\"WebPage\",\"@id\":\"https:\\\/\\\/lesfusiliersmont-royal.com\\\/musique\\\/calendrier\\\/jour-du-souvenir-2\\\/\",\"url\":\"https:\\\/\\\/lesfusiliersmont-royal.com\\\/musique\\\/calendrier\\\/jour-du-souvenir-2\\\/\",\"name\":\"Jour du souvenir - La Musique\",\"isPartOf\":{\"@id\":\"https:\\\/\\\/lesfusiliersmont-royal.com\\\/musique\\\/#website\"},\"primaryImageOfPage\":{\"@id\":\"https:\\\/\\\/lesfusiliersmont-royal.com\\\/musique\\\/calendrier\\\/jour-du-souvenir-2\\\/#primaryimage\"},\"image\":{\"@id\":\"https:\\\/\\\/lesfusiliersmont-royal.com\\\/musique\\\/calendrier\\\/jour-du-souvenir-2\\\/#primaryimage\"},\"thumbnailUrl\":\"https:\\\/\\\/lesfusiliersmont-royal.com\\\/musique\\\/wp-content\\\/uploads\\\/sites\\\/11\\\/2018\\\/01\\\/inmemoriam.jpg\",\"datePublished\":\"2018-01-18T19:08:27+00:00\",\"breadcrumb\":{\"@id\":\"https:\\\/\\\/lesfusiliersmont-royal.com\\\/musique\\\/calendrier\\\/jour-du-souvenir-2\\\/#breadcrumb\"},\"inLanguage\":\"fr-CA\",\"potentialAction\":[{\"@type\":\"ReadAction\",\"target\":[\"https:\\\/\\\/lesfusiliersmont-royal.com\\\/musique\\\/calendrier\\\/jour-du-souvenir-2\\\/\"]}]},{\"@type\":\"ImageObject\",\"inLanguage\":\"fr-CA\",\"@id\":\"https:\\\/\\\/lesfusiliersmont-royal.com\\\/musique\\\/calendrier\\\/jour-du-souvenir-2\\\/#primaryimage\",\"url\":\"https:\\\/\\\/lesfusiliersmont-royal.com\\\/musique\\\/wp-content\\\/uploads\\\/sites\\\/11\\\/2018\\\/01\\\/inmemoriam.jpg\",\"contentUrl\":\"https:\\\/\\\/lesfusiliersmont-royal.com\\\/musique\\\/wp-content\\\/uploads\\\/sites\\\/11\\\/2018\\\/01\\\/inmemoriam.jpg\",\"width\":1920,\"height\":2010},{\"@type\":\"BreadcrumbList\",\"@id\":\"https:\\\/\\\/lesfusiliersmont-royal.com\\\/musique\\\/calendrier\\\/jour-du-souvenir-2\\\/#breadcrumb\",\"itemListElement\":[{\"@type\":\"ListItem\",\"position\":1,\"name\":\"Accueil\",\"item\":\"https:\\\/\\\/lesfusiliersmont-royal.com\\\/musique\\\/fr\\\/sample-page\\\/\"},{\"@type\":\"ListItem\",\"position\":2,\"name\":\"\u00c9v\u00e8nements\",\"item\":\"https:\\\/\\\/lesfusiliersmont-royal.com\\\/musique\\\/calendrier\\\/\"},{\"@type\":\"ListItem\",\"position\":3,\"name\":\"Jour du souvenir\"}]},{\"@type\":\"WebSite\",\"@id\":\"https:\\\/\\\/lesfusiliersmont-royal.com\\\/musique\\\/#website\",\"url\":\"https:\\\/\\\/lesfusiliersmont-royal.com\\\/musique\\\/\",\"name\":\"La Musique\",\"description\":\"Nunquam Retrorsum\",\"potentialAction\":[{\"@type\":\"SearchAction\",\"target\":{\"@type\":\"EntryPoint\",\"urlTemplate\":\"https:\\\/\\\/lesfusiliersmont-royal.com\\\/musique\\\/?s={search_term_string}\"},\"query-input\":{\"@type\":\"PropertyValueSpecification\",\"valueRequired\":true,\"valueName\":\"search_term_string\"}}],\"inLanguage\":\"fr-CA\"}]}<\/script>\n<!-- \/ Yoast SEO plugin. -->","yoast_head_json":{"title":"Jour du souvenir - La Musique","robots":{"index":"index","follow":"follow","max-snippet":"max-snippet:-1","max-image-preview":"max-image-preview:large","max-video-preview":"max-video-preview:-1"},"canonical":"https:\/\/lesfusiliersmont-royal.com\/musique\/calendrier\/jour-du-souvenir-2\/","og_locale":"fr_CA","og_type":"article","og_title":"Jour du souvenir - La Musique","og_description":"[...]","og_url":"https:\/\/lesfusiliersmont-royal.com\/musique\/calendrier\/jour-du-souvenir-2\/","og_site_name":"La Musique","og_image":[{"width":1920,"height":2010,"url":"https:\/\/lesfusiliersmont-royal.com\/musique\/wp-content\/uploads\/sites\/11\/2018\/01\/inmemoriam.jpg","type":"image\/jpeg"}],"twitter_card":"summary_large_image","twitter_misc":{"Estimation du temps de lecture":"1 minute"},"schema":{"@context":"https:\/\/schema.org","@graph":[{"@type":"WebPage","@id":"https:\/\/lesfusiliersmont-royal.com\/musique\/calendrier\/jour-du-souvenir-2\/","url":"https:\/\/lesfusiliersmont-royal.com\/musique\/calendrier\/jour-du-souvenir-2\/","name":"Jour du souvenir - La Musique","isPartOf":{"@id":"https:\/\/lesfusiliersmont-royal.com\/musique\/#website"},"primaryImageOfPage":{"@id":"https:\/\/lesfusiliersmont-royal.com\/musique\/calendrier\/jour-du-souvenir-2\/#primaryimage"},"image":{"@id":"https:\/\/lesfusiliersmont-royal.com\/musique\/calendrier\/jour-du-souvenir-2\/#primaryimage"},"thumbnailUrl":"https:\/\/lesfusiliersmont-royal.com\/musique\/wp-content\/uploads\/sites\/11\/2018\/01\/inmemoriam.jpg","datePublished":"2018-01-18T19:08:27+00:00","breadcrumb":{"@id":"https:\/\/lesfusiliersmont-royal.com\/musique\/calendrier\/jour-du-souvenir-2\/#breadcrumb"},"inLanguage":"fr-CA","potentialAction":[{"@type":"ReadAction","target":["https:\/\/lesfusiliersmont-royal.com\/musique\/calendrier\/jour-du-souvenir-2\/"]}]},{"@type":"ImageObject","inLanguage":"fr-CA","@id":"https:\/\/lesfusiliersmont-royal.com\/musique\/calendrier\/jour-du-souvenir-2\/#primaryimage","url":"https:\/\/lesfusiliersmont-royal.com\/musique\/wp-content\/uploads\/sites\/11\/2018\/01\/inmemoriam.jpg","contentUrl":"https:\/\/lesfusiliersmont-royal.com\/musique\/wp-content\/uploads\/sites\/11\/2018\/01\/inmemoriam.jpg","width":1920,"height":2010},{"@type":"BreadcrumbList","@id":"https:\/\/lesfusiliersmont-royal.com\/musique\/calendrier\/jour-du-souvenir-2\/#breadcrumb","itemListElement":[{"@type":"ListItem","position":1,"name":"Accueil","item":"https:\/\/lesfusiliersmont-royal.com\/musique\/fr\/sample-page\/"},{"@type":"ListItem","position":2,"name":"\u00c9v\u00e8nements","item":"https:\/\/lesfusiliersmont-royal.com\/musique\/calendrier\/"},{"@type":"ListItem","position":3,"name":"Jour du souvenir"}]},{"@type":"WebSite","@id":"https:\/\/lesfusiliersmont-royal.com\/musique\/#website","url":"https:\/\/lesfusiliersmont-royal.com\/musique\/","name":"La Musique","description":"Nunquam Retrorsum","potentialAction":[{"@type":"SearchAction","target":{"@type":"EntryPoint","urlTemplate":"https:\/\/lesfusiliersmont-royal.com\/musique\/?s={search_term_string}"},"query-input":{"@type":"PropertyValueSpecification","valueRequired":true,"valueName":"search_term_string"}}],"inLanguage":"fr-CA"}]}},"_links":{"self":[{"href":"https:\/\/lesfusiliersmont-royal.com\/musique\/wp-json\/wp\/v2\/tribe_events\/1228","targetHints":{"allow":["GET"]}}],"collection":[{"href":"https:\/\/lesfusiliersmont-royal.com\/musique\/wp-json\/wp\/v2\/tribe_events"}],"about":[{"href":"https:\/\/lesfusiliersmont-royal.com\/musique\/wp-json\/wp\/v2\/types\/tribe_events"}],"author":[{"embeddable":true,"href":"https:\/\/lesfusiliersmont-royal.com\/musique\/wp-json\/wp\/v2\/users\/1"}],"version-history":[{"count":1,"href":"https:\/\/lesfusiliersmont-royal.com\/musique\/wp-json\/wp\/v2\/tribe_events\/1228\/revisions"}],"predecessor-version":[{"id":1229,"href":"https:\/\/lesfusiliersmont-royal.com\/musique\/wp-json\/wp\/v2\/tribe_events\/1228\/revisions\/1229"}],"wp:featuredmedia":[{"embeddable":true,"href":"https:\/\/lesfusiliersmont-royal.com\/musique\/wp-json\/wp\/v2\/media\/1227"}],"wp:attachment":[{"href":"https:\/\/lesfusiliersmont-royal.com\/musique\/wp-json\/wp\/v2\/media?parent=1228"}],"wp:term":[{"taxonomy":"post_tag","embeddable":true,"href":"https:\/\/lesfusiliersmont-royal.com\/musique\/wp-json\/wp\/v2\/tags?post=1228"},{"taxonomy":"tribe_events_cat","embeddable":true,"href":"https:\/\/lesfusiliersmont-royal.com\/musique\/wp-json\/wp\/v2\/tribe_events_cat?post=1228"}],"curies":[{"name":"wp","href":"https:\/\/api.w.org\/{rel}","templated":true}]}}