{"id":1114,"date":"2001-02-12T19:03:08","date_gmt":"2001-02-12T19:03:08","guid":{"rendered":"http:\/\/lesfusiliersmont-royal.com\/musee\/?post_type=avada_portfolio&#038;p=1114"},"modified":"2017-08-04T19:03:23","modified_gmt":"2017-08-04T19:03:23","slug":"lieutenant-colonel-louis-farley","status":"publish","type":"avada_portfolio","link":"https:\/\/lesfusiliersmont-royal.com\/musee\/fr\/mediatheque-item\/lieutenant-colonel-louis-farley\/","title":{"rendered":"LIEUTENANT-COLONEL LOUIS FARLEY"},"content":{"rendered":"<div class=\"fusion-fullwidth fullwidth-box fusion-builder-row-1 nonhundred-percent-fullwidth non-hundred-percent-height-scrolling\" style=\"--awb-background-position:left top;--awb-border-radius-top-left:0px;--awb-border-radius-top-right:0px;--awb-border-radius-bottom-right:0px;--awb-border-radius-bottom-left:0px;--awb-padding-top:20px;--awb-padding-bottom:20px;--awb-border-sizes-top:0px;--awb-border-sizes-bottom:0px;--awb-flex-wrap:wrap;\" ><div class=\"fusion-builder-row fusion-row\"><div class=\"fusion-layout-column fusion_builder_column fusion-builder-column-0 fusion_builder_column_1_5 1_5 fusion-one-fifth fusion-column-first\" style=\"--awb-bg-size:cover;width:16.8%; margin-right: 4%;\"><div class=\"fusion-column-wrapper fusion-flex-column-wrapper-legacy\"><div class=\"fusion-image-element in-legacy-container\" style=\"--awb-caption-title-font-family:var(--h2_typography-font-family);--awb-caption-title-font-weight:var(--h2_typography-font-weight);--awb-caption-title-font-style:var(--h2_typography-font-style);--awb-caption-title-size:var(--h2_typography-font-size);--awb-caption-title-transform:var(--h2_typography-text-transform);--awb-caption-title-line-height:var(--h2_typography-line-height);--awb-caption-title-letter-spacing:var(--h2_typography-letter-spacing);\"><span class=\" fusion-imageframe imageframe-none imageframe-1 hover-type-none\"><img decoding=\"async\" width=\"1200\" height=\"1800\" title=\"45-farley\" src=\"http:\/\/lesfusiliersmont-royal.com\/musee\/wp-content\/uploads\/sites\/2\/2017\/08\/45-farley.jpg\" alt class=\"img-responsive wp-image-1115\" srcset=\"https:\/\/lesfusiliersmont-royal.com\/musee\/wp-content\/uploads\/sites\/2\/2017\/08\/45-farley-200x300.jpg 200w, https:\/\/lesfusiliersmont-royal.com\/musee\/wp-content\/uploads\/sites\/2\/2017\/08\/45-farley-400x600.jpg 400w, https:\/\/lesfusiliersmont-royal.com\/musee\/wp-content\/uploads\/sites\/2\/2017\/08\/45-farley-600x900.jpg 600w, https:\/\/lesfusiliersmont-royal.com\/musee\/wp-content\/uploads\/sites\/2\/2017\/08\/45-farley-800x1200.jpg 800w, https:\/\/lesfusiliersmont-royal.com\/musee\/wp-content\/uploads\/sites\/2\/2017\/08\/45-farley.jpg 1200w\" sizes=\"(max-width: 800px) 100vw, 400px\" \/><\/span><\/div><div class=\"fusion-clearfix\"><\/div><\/div><\/div><div class=\"fusion-layout-column fusion_builder_column fusion-builder-column-1 fusion_builder_column_4_5 4_5 fusion-four-fifth fusion-column-last\" style=\"--awb-bg-size:cover;width:79.2%;\"><div class=\"fusion-column-wrapper fusion-flex-column-wrapper-legacy\"><div class=\"fusion-title title fusion-title-1 fusion-title-text fusion-title-size-one\" style=\"--awb-margin-top-small:10px;--awb-margin-right-small:0px;--awb-margin-bottom-small:10px;--awb-margin-left-small:0px;\"><h1 class=\"fusion-title-heading title-heading-left\" style=\"margin:0;\">LIEUTENANT-COLONEL LOUIS FARLEY<\/h1><span class=\"awb-title-spacer\"><\/span><div class=\"title-sep-container\"><div class=\"title-sep sep-double sep-solid\" style=\"border-color:#e0dede;\"><\/div><\/div><\/div><div class=\"fusion-title title fusion-title-2 fusion-title-text fusion-title-size-two\" style=\"--awb-margin-top-small:10px;--awb-margin-right-small:0px;--awb-margin-bottom-small:10px;--awb-margin-left-small:0px;\"><h2 class=\"fusion-title-heading title-heading-left\" style=\"margin:0;\">1993-1996<\/h2><span class=\"awb-title-spacer\"><\/span><div class=\"title-sep-container\"><div class=\"title-sep sep-double sep-solid\" style=\"border-color:#e0dede;\"><\/div><\/div><\/div><div class=\"fusion-text fusion-text-1\"><p>N\u00e9 \u00e0 Hull le 22 avril 1954, le Lieutenant-colonel (Louis) Farley s&rsquo;est enr\u00f4l\u00e9 au r\u00e9giment Les Fusiliers Mont-Royal le 6 juillet 1970 comme soldat. En octobre 1972, il est promu Sergent, puis Lieutenant en 1975 et Capitaine en 1979. Il obtient sa promotion de Major en 1983. Il a suivi avec succ\u00e8s tous les cours militaires de la r\u00e9serve jusqu&rsquo;\u00e0 la qualification de Lieutenant-colonel. Il a occup\u00e9 tous les postes normalement d\u00e9volus \u00e0 un officier au sein du R\u00e9giment Les Fusiliers Mont-Royal. Il a occup\u00e9 divers emplois de classe \u00ab\u00a0B\u00a0\u00bb de 1978 \u00e0 1986.<\/p>\n<p>En 1983, il s&rsquo;est qualifi\u00e9 sur le cours de Commandant d&rsquo;\u00c9quipe de Combat de la Force R\u00e9guli\u00e8re \u00e0 la BFC Gagetown. Il devient la m\u00eame ann\u00e9e, le premier officier de la milice \u00e0 commander une compagnie de r\u00e9servistes attach\u00e9e \u00e0 la force r\u00e9guli\u00e8re outre-mer depuis la derni\u00e8re guerre, alors qu&rsquo;il se rend en Allemagne \u00e0 titre de Commandant de la Compagnie de Renfort de Secteur de l&rsquo;Est (M) avec le 1er Bataillon du Royal 22e R\u00e9giment. Il fut promu au grade de Lieutenant-colonel et nomm\u00e9 Commandant du Fusiliers Mont-Royal le 25 avril 1993.<\/p>\n<p>Au plan civil, le Lcol Louis Farley a d&rsquo;abord compl\u00e9t\u00e9 ses \u00e9tudes coll\u00e9giales au Coll\u00e8ge Jean-de-Br\u00e9beuf \u00e0 Montr\u00e9al. Il obtient par la suite un baccalaur\u00e9at en \u00e9ducation physique de l&rsquo;Universit\u00e9 de Montr\u00e9al et en comptabilit\u00e9 aux Hautes \u00c9tudes Commerciales \u00e0 Montr\u00e9al.Le Lcol Louis Farley s&rsquo;implique au sein de diverses organisations militaires et civiles. Il fut notamment Pr\u00e9sident de l&rsquo;Institut Interarm\u00e9es de Montr\u00e9al et il fut Administrateur de la Maison des Greff\u00e9s du Qu\u00e9bec.<\/p>\n<\/div><div class=\"fusion-title title fusion-title-3 fusion-title-text fusion-title-size-two\" style=\"--awb-margin-top-small:10px;--awb-margin-right-small:0px;--awb-margin-bottom-small:10px;--awb-margin-left-small:0px;\"><h2 class=\"fusion-title-heading title-heading-left\" style=\"margin:0;\">D\u00e9coration<\/h2><span class=\"awb-title-spacer\"><\/span><div class=\"title-sep-container\"><div class=\"title-sep sep-double sep-solid\" style=\"border-color:#e0dede;\"><\/div><\/div><\/div><div class=\"fusion-text fusion-text-2\"><p>D\u00e9coration des Forces canadiennes CD<\/p>\n<\/div><div class=\"fusion-clearfix\"><\/div><\/div><\/div><\/div><\/div>\n","protected":false},"excerpt":{"rendered":"","protected":false},"author":1,"featured_media":1115,"menu_order":0,"comment_status":"open","ping_status":"closed","template":"","format":"standard","meta":{"footnotes":""},"portfolio_category":[15,16],"portfolio_skills":[],"portfolio_tags":[],"class_list":["post-1114","avada_portfolio","type-avada_portfolio","status-publish","format-standard","has-post-thumbnail","hentry","portfolio_category-cadres","portfolio_category-commandants"],"yoast_head":"<!-- This site is optimized with the Yoast SEO plugin v28.3 - https:\/\/yoast.com\/product\/yoast-seo-wordpress\/ -->\n<title>LIEUTENANT-COLONEL LOUIS FARLEY - Mus\u00e9e Fusiliers Mont-Royal<\/title>\n<meta name=\"robots\" content=\"index, follow, max-snippet:-1, max-image-preview:large, max-video-preview:-1\" \/>\n<link rel=\"canonical\" href=\"https:\/\/lesfusiliersmont-royal.com\/musee\/fr\/mediatheque-item\/lieutenant-colonel-louis-farley\/\" \/>\n<meta property=\"og:locale\" content=\"fr_CA\" \/>\n<meta property=\"og:type\" content=\"article\" \/>\n<meta property=\"og:title\" content=\"LIEUTENANT-COLONEL LOUIS FARLEY - Mus\u00e9e Fusiliers Mont-Royal\" \/>\n<meta property=\"og:url\" content=\"https:\/\/lesfusiliersmont-royal.com\/musee\/fr\/mediatheque-item\/lieutenant-colonel-louis-farley\/\" \/>\n<meta property=\"og:site_name\" content=\"Mus\u00e9e Fusiliers Mont-Royal\" \/>\n<meta property=\"article:modified_time\" content=\"2017-08-04T19:03:23+00:00\" \/>\n<meta property=\"og:image\" content=\"http:\/\/lesfusiliersmont-royal.com\/musee\/wp-content\/uploads\/sites\/2\/2017\/08\/45-farley.jpg\" \/>\n\t<meta property=\"og:image:width\" content=\"1200\" \/>\n\t<meta property=\"og:image:height\" content=\"1800\" \/>\n\t<meta property=\"og:image:type\" content=\"image\/jpeg\" \/>\n<meta name=\"twitter:card\" content=\"summary_large_image\" \/>\n<meta name=\"twitter:label1\" content=\"Estimation du temps de lecture\" \/>\n\t<meta name=\"twitter:data1\" content=\"3 minutes\" \/>\n<script type=\"application\/ld+json\" class=\"yoast-schema-graph\">{\"@context\":\"https:\\\/\\\/schema.org\",\"@graph\":[{\"@type\":\"WebPage\",\"@id\":\"https:\\\/\\\/lesfusiliersmont-royal.com\\\/musee\\\/fr\\\/mediatheque-item\\\/lieutenant-colonel-louis-farley\\\/\",\"url\":\"https:\\\/\\\/lesfusiliersmont-royal.com\\\/musee\\\/fr\\\/mediatheque-item\\\/lieutenant-colonel-louis-farley\\\/\",\"name\":\"LIEUTENANT-COLONEL LOUIS FARLEY - Mus\u00e9e Fusiliers Mont-Royal\",\"isPartOf\":{\"@id\":\"https:\\\/\\\/lesfusiliersmont-royal.com\\\/musee\\\/#website\"},\"primaryImageOfPage\":{\"@id\":\"https:\\\/\\\/lesfusiliersmont-royal.com\\\/musee\\\/fr\\\/mediatheque-item\\\/lieutenant-colonel-louis-farley\\\/#primaryimage\"},\"image\":{\"@id\":\"https:\\\/\\\/lesfusiliersmont-royal.com\\\/musee\\\/fr\\\/mediatheque-item\\\/lieutenant-colonel-louis-farley\\\/#primaryimage\"},\"thumbnailUrl\":\"https:\\\/\\\/lesfusiliersmont-royal.com\\\/musee\\\/wp-content\\\/uploads\\\/sites\\\/2\\\/2017\\\/08\\\/45-farley.jpg\",\"datePublished\":\"2001-02-12T19:03:08+00:00\",\"dateModified\":\"2017-08-04T19:03:23+00:00\",\"breadcrumb\":{\"@id\":\"https:\\\/\\\/lesfusiliersmont-royal.com\\\/musee\\\/fr\\\/mediatheque-item\\\/lieutenant-colonel-louis-farley\\\/#breadcrumb\"},\"inLanguage\":\"fr-CA\",\"potentialAction\":[{\"@type\":\"ReadAction\",\"target\":[\"https:\\\/\\\/lesfusiliersmont-royal.com\\\/musee\\\/fr\\\/mediatheque-item\\\/lieutenant-colonel-louis-farley\\\/\"]}]},{\"@type\":\"ImageObject\",\"inLanguage\":\"fr-CA\",\"@id\":\"https:\\\/\\\/lesfusiliersmont-royal.com\\\/musee\\\/fr\\\/mediatheque-item\\\/lieutenant-colonel-louis-farley\\\/#primaryimage\",\"url\":\"https:\\\/\\\/lesfusiliersmont-royal.com\\\/musee\\\/wp-content\\\/uploads\\\/sites\\\/2\\\/2017\\\/08\\\/45-farley.jpg\",\"contentUrl\":\"https:\\\/\\\/lesfusiliersmont-royal.com\\\/musee\\\/wp-content\\\/uploads\\\/sites\\\/2\\\/2017\\\/08\\\/45-farley.jpg\",\"width\":1200,\"height\":1800},{\"@type\":\"BreadcrumbList\",\"@id\":\"https:\\\/\\\/lesfusiliersmont-royal.com\\\/musee\\\/fr\\\/mediatheque-item\\\/lieutenant-colonel-louis-farley\\\/#breadcrumb\",\"itemListElement\":[{\"@type\":\"ListItem\",\"position\":1,\"name\":\"Accueil\",\"item\":\"http:\\\/\\\/lesfusiliersmont-royal.com\\\/musee\\\/fr\\\/\"},{\"@type\":\"ListItem\",\"position\":2,\"name\":\"Portfolio\",\"item\":\"http:\\\/\\\/lesfusiliersmont-royal.com\\\/musee\\\/fr\\\/mediatheque-item\\\/\"},{\"@type\":\"ListItem\",\"position\":3,\"name\":\"LIEUTENANT-COLONEL LOUIS FARLEY\"}]},{\"@type\":\"WebSite\",\"@id\":\"https:\\\/\\\/lesfusiliersmont-royal.com\\\/musee\\\/#website\",\"url\":\"https:\\\/\\\/lesfusiliersmont-royal.com\\\/musee\\\/\",\"name\":\"Mus\u00e9e Fusiliers Mont-Royal\",\"description\":\"Nunquam Retrorsum\",\"potentialAction\":[{\"@type\":\"SearchAction\",\"target\":{\"@type\":\"EntryPoint\",\"urlTemplate\":\"https:\\\/\\\/lesfusiliersmont-royal.com\\\/musee\\\/?s={search_term_string}\"},\"query-input\":{\"@type\":\"PropertyValueSpecification\",\"valueRequired\":true,\"valueName\":\"search_term_string\"}}],\"inLanguage\":\"fr-CA\"}]}<\/script>\n<!-- \/ Yoast SEO plugin. -->","yoast_head_json":{"title":"LIEUTENANT-COLONEL LOUIS FARLEY - Mus\u00e9e Fusiliers Mont-Royal","robots":{"index":"index","follow":"follow","max-snippet":"max-snippet:-1","max-image-preview":"max-image-preview:large","max-video-preview":"max-video-preview:-1"},"canonical":"https:\/\/lesfusiliersmont-royal.com\/musee\/fr\/mediatheque-item\/lieutenant-colonel-louis-farley\/","og_locale":"fr_CA","og_type":"article","og_title":"LIEUTENANT-COLONEL LOUIS FARLEY - Mus\u00e9e Fusiliers Mont-Royal","og_url":"https:\/\/lesfusiliersmont-royal.com\/musee\/fr\/mediatheque-item\/lieutenant-colonel-louis-farley\/","og_site_name":"Mus\u00e9e Fusiliers Mont-Royal","article_modified_time":"2017-08-04T19:03:23+00:00","og_image":[{"width":1200,"height":1800,"url":"http:\/\/lesfusiliersmont-royal.com\/musee\/wp-content\/uploads\/sites\/2\/2017\/08\/45-farley.jpg","type":"image\/jpeg"}],"twitter_card":"summary_large_image","twitter_misc":{"Estimation du temps de lecture":"3 minutes"},"schema":{"@context":"https:\/\/schema.org","@graph":[{"@type":"WebPage","@id":"https:\/\/lesfusiliersmont-royal.com\/musee\/fr\/mediatheque-item\/lieutenant-colonel-louis-farley\/","url":"https:\/\/lesfusiliersmont-royal.com\/musee\/fr\/mediatheque-item\/lieutenant-colonel-louis-farley\/","name":"LIEUTENANT-COLONEL LOUIS FARLEY - Mus\u00e9e Fusiliers Mont-Royal","isPartOf":{"@id":"https:\/\/lesfusiliersmont-royal.com\/musee\/#website"},"primaryImageOfPage":{"@id":"https:\/\/lesfusiliersmont-royal.com\/musee\/fr\/mediatheque-item\/lieutenant-colonel-louis-farley\/#primaryimage"},"image":{"@id":"https:\/\/lesfusiliersmont-royal.com\/musee\/fr\/mediatheque-item\/lieutenant-colonel-louis-farley\/#primaryimage"},"thumbnailUrl":"https:\/\/lesfusiliersmont-royal.com\/musee\/wp-content\/uploads\/sites\/2\/2017\/08\/45-farley.jpg","datePublished":"2001-02-12T19:03:08+00:00","dateModified":"2017-08-04T19:03:23+00:00","breadcrumb":{"@id":"https:\/\/lesfusiliersmont-royal.com\/musee\/fr\/mediatheque-item\/lieutenant-colonel-louis-farley\/#breadcrumb"},"inLanguage":"fr-CA","potentialAction":[{"@type":"ReadAction","target":["https:\/\/lesfusiliersmont-royal.com\/musee\/fr\/mediatheque-item\/lieutenant-colonel-louis-farley\/"]}]},{"@type":"ImageObject","inLanguage":"fr-CA","@id":"https:\/\/lesfusiliersmont-royal.com\/musee\/fr\/mediatheque-item\/lieutenant-colonel-louis-farley\/#primaryimage","url":"https:\/\/lesfusiliersmont-royal.com\/musee\/wp-content\/uploads\/sites\/2\/2017\/08\/45-farley.jpg","contentUrl":"https:\/\/lesfusiliersmont-royal.com\/musee\/wp-content\/uploads\/sites\/2\/2017\/08\/45-farley.jpg","width":1200,"height":1800},{"@type":"BreadcrumbList","@id":"https:\/\/lesfusiliersmont-royal.com\/musee\/fr\/mediatheque-item\/lieutenant-colonel-louis-farley\/#breadcrumb","itemListElement":[{"@type":"ListItem","position":1,"name":"Accueil","item":"http:\/\/lesfusiliersmont-royal.com\/musee\/fr\/"},{"@type":"ListItem","position":2,"name":"Portfolio","item":"http:\/\/lesfusiliersmont-royal.com\/musee\/fr\/mediatheque-item\/"},{"@type":"ListItem","position":3,"name":"LIEUTENANT-COLONEL LOUIS FARLEY"}]},{"@type":"WebSite","@id":"https:\/\/lesfusiliersmont-royal.com\/musee\/#website","url":"https:\/\/lesfusiliersmont-royal.com\/musee\/","name":"Mus\u00e9e Fusiliers Mont-Royal","description":"Nunquam Retrorsum","potentialAction":[{"@type":"SearchAction","target":{"@type":"EntryPoint","urlTemplate":"https:\/\/lesfusiliersmont-royal.com\/musee\/?s={search_term_string}"},"query-input":{"@type":"PropertyValueSpecification","valueRequired":true,"valueName":"search_term_string"}}],"inLanguage":"fr-CA"}]}},"_links":{"self":[{"href":"https:\/\/lesfusiliersmont-royal.com\/musee\/wp-json\/wp\/v2\/avada_portfolio\/1114","targetHints":{"allow":["GET"]}}],"collection":[{"href":"https:\/\/lesfusiliersmont-royal.com\/musee\/wp-json\/wp\/v2\/avada_portfolio"}],"about":[{"href":"https:\/\/lesfusiliersmont-royal.com\/musee\/wp-json\/wp\/v2\/types\/avada_portfolio"}],"author":[{"embeddable":true,"href":"https:\/\/lesfusiliersmont-royal.com\/musee\/wp-json\/wp\/v2\/users\/1"}],"replies":[{"embeddable":true,"href":"https:\/\/lesfusiliersmont-royal.com\/musee\/wp-json\/wp\/v2\/comments?post=1114"}],"version-history":[{"count":2,"href":"https:\/\/lesfusiliersmont-royal.com\/musee\/wp-json\/wp\/v2\/avada_portfolio\/1114\/revisions"}],"predecessor-version":[{"id":1117,"href":"https:\/\/lesfusiliersmont-royal.com\/musee\/wp-json\/wp\/v2\/avada_portfolio\/1114\/revisions\/1117"}],"wp:featuredmedia":[{"embeddable":true,"href":"https:\/\/lesfusiliersmont-royal.com\/musee\/wp-json\/wp\/v2\/media\/1115"}],"wp:attachment":[{"href":"https:\/\/lesfusiliersmont-royal.com\/musee\/wp-json\/wp\/v2\/media?parent=1114"}],"wp:term":[{"taxonomy":"portfolio_category","embeddable":true,"href":"https:\/\/lesfusiliersmont-royal.com\/musee\/wp-json\/wp\/v2\/portfolio_category?post=1114"},{"taxonomy":"portfolio_skills","embeddable":true,"href":"https:\/\/lesfusiliersmont-royal.com\/musee\/wp-json\/wp\/v2\/portfolio_skills?post=1114"},{"taxonomy":"portfolio_tags","embeddable":true,"href":"https:\/\/lesfusiliersmont-royal.com\/musee\/wp-json\/wp\/v2\/portfolio_tags?post=1114"}],"curies":[{"name":"wp","href":"https:\/\/api.w.org\/{rel}","templated":true}]}}